{"id":2214,"date":"2014-05-06T17:56:29","date_gmt":"2014-05-06T17:56:29","guid":{"rendered":"http:\/\/ftlab.noip.me\/fortium\/?page_id=2214"},"modified":"2026-01-14T11:22:07","modified_gmt":"2026-01-14T14:22:07","slug":"estrutura","status":"publish","type":"page","link":"https:\/\/faculdadeunibras.com.br\/maranhao\/estrutura\/","title":{"rendered":"Estrutura"},"content":{"rendered":"[et_pb_section fb_built=&#8221;1&#8243; _builder_version=&#8221;4.16&#8243; custom_padding=&#8221;13px||8px|||&#8221; global_colors_info=&#8221;{}&#8221; da_is_popup=&#8221;off&#8221; da_exit_intent=&#8221;off&#8221; da_has_close=&#8221;on&#8221; da_alt_close=&#8221;off&#8221; da_dark_close=&#8221;off&#8221; da_not_modal=&#8221;on&#8221; da_is_singular=&#8221;off&#8221; da_with_loader=&#8221;off&#8221; da_has_shadow=&#8221;on&#8221; da_disable_devices=&#8221;off|off|off&#8221;][et_pb_row _builder_version=&#8221;4.16&#8243; width=&#8221;90%&#8221; custom_padding=&#8221;||11px|||&#8221; global_colors_info=&#8221;{}&#8221;][et_pb_column type=&#8221;4_4&#8243; _builder_version=&#8221;4.16&#8243; global_colors_info=&#8221;{}&#8221;][et_pb_text _builder_version=&#8221;4.16&#8243; min_height=&#8221;38px&#8221; border_width_bottom=&#8221;2px&#8221; border_color_bottom=&#8221;#f5ab00&#8243; global_colors_info=&#8221;{}&#8221;]<h1 style=\"font-size: 25px; text-align: left;\"><strong><span color=\"#003461\" style=\"color: #003461;\">ESTRUTURA<\/span><\/strong><\/h1>[\/et_pb_text][\/et_pb_column][\/et_pb_row][\/et_pb_section][et_pb_section fb_built=&#8221;1&#8243; _builder_version=&#8221;4.16&#8243; custom_padding=&#8221;0px|||||&#8221; global_colors_info=&#8221;{}&#8221; da_is_popup=&#8221;off&#8221; da_exit_intent=&#8221;off&#8221; da_has_close=&#8221;on&#8221; da_alt_close=&#8221;off&#8221; da_dark_close=&#8221;off&#8221; da_not_modal=&#8221;on&#8221; da_is_singular=&#8221;off&#8221; da_with_loader=&#8221;off&#8221; da_has_shadow=&#8221;on&#8221; da_disable_devices=&#8221;off|off|off&#8221;][et_pb_row _builder_version=&#8221;4.16&#8243; background_size=&#8221;initial&#8221; background_position=&#8221;top_left&#8221; background_repeat=&#8221;repeat&#8221; global_colors_info=&#8221;{}&#8221;][et_pb_column type=&#8221;4_4&#8243; _builder_version=&#8221;4.16&#8243; custom_padding=&#8221;|||&#8221; global_colors_info=&#8221;{}&#8221; custom_padding__hover=&#8221;|||&#8221;][et_pb_text _builder_version=&#8221;4.16&#8243; background_size=&#8221;initial&#8221; background_position=&#8221;top_left&#8221; background_repeat=&#8221;repeat&#8221; global_colors_info=&#8221;{}&#8221;]<p><!--themify_builder_static--><\/p>\n<p>ESTRUTURA ACAD\u00caMICO ADMINISTRATIVA<\/p>\n<p>A estrutura acad\u00eamico-administrativa da <span>Faculdade <\/span>UniBRAS Maranh\u00e3o (FACBRAS) \u00e9 composta por \u00f3rg\u00e3os colegiados, executivos e suplementares.<\/p>\n<p>S\u00e3o \u00f3rg\u00e3os da administra\u00e7\u00e3o superior:<\/p>\n<ol>\n<li>Conselho Superior &#8211; CONSUP;<\/li>\n<li>Diretoria Geral;<\/li>\n<\/ol>\n<p>III. Diretor Acad\u00eamico.<\/p>\n<p>S\u00e3o \u00f3rg\u00e3os de administra\u00e7\u00e3o acad\u00eamica:<\/p>\n<ol>\n<li>Conselho de Curso;<\/li>\n<li>Coordena\u00e7\u00e3o de Cursos.<\/li>\n<\/ol>\n<p>A Institui\u00e7\u00e3o disp\u00f5e de \u00f3rg\u00e3os suplementares destinados a apoiarem as atividades de ensino, pesquisa e extens\u00e3o, cabendo ao CONSUP disciplinar a sua cria\u00e7\u00e3o e funcionamento.<\/p>\n<p>S\u00e3o \u00f3rg\u00e3os suplementares e de apoio administrativo: a Secretaria; a Biblioteca; o Setor Financeiro (Tesouraria e a Contabilidade); a Ouvidoria; os Laborat\u00f3rios; o N\u00facleo de Apoio Psicopedag\u00f3gico &#8211; NAP com o N\u00facleo de Acessibilidade &#8211; NA; o Setor de TI; o Setor de RH; e, os Demais Servi\u00e7os.<\/p>\n<p>A Comiss\u00e3o Pr\u00f3pria de Avalia\u00e7\u00e3o &#8211; CPA \u00e9 um \u00f3rg\u00e3o de assessoramento, respons\u00e1vel pela condu\u00e7\u00e3o do processo de avalia\u00e7\u00e3o institucional, conforme a legisla\u00e7\u00e3o vigente.<\/p>\n<p>Integra a Diretoria Geral, a Dire\u00e7\u00e3o Acad\u00eamica, a(s) Coordena\u00e7\u00e3o(\u00f5es) Acad\u00eamica(s) e demais \u00f3rg\u00e3os suplementares, envolvidos direta e indiretamente com a gest\u00e3o acad\u00eamica e administrativa da institui\u00e7\u00e3o.<\/p>\n<p><img decoding=\"async\" src=\"https:\/\/faculdadeunibras.com.br\/maranhao\/wp-content\/uploads\/2019\/11\/organograma-santa-ines.png\" sizes=\"(max-width: 581px) 100vw, 581px\" srcset=\"https:\/\/faculdadeunibras.com.br\/maranhao\/wp-content\/uploads\/2019\/11\/organograma-santa-ines.png 581w, https:\/\/faculdadeunibras.com.br\/maranhao\/wp-content\/uploads\/2019\/11\/organograma-santa-ines-258x300.png 258w\" alt=\"organograma-santa-ines\" \/><\/p>\n<p><!--\/themify_builder_static--><\/p>[\/et_pb_text][\/et_pb_column][\/et_pb_row][\/et_pb_section][et_pb_section fb_built=&#8221;1&#8243; disabled_on=&#8221;off|off|off&#8221; admin_label=&#8221;Stats&#8221; _builder_version=&#8221;4.16&#8243; background_enable_color=&#8221;off&#8221; use_background_color_gradient=&#8221;on&#8221; background_color_gradient_stops=&#8221;#013565 0%|#01377f 100%&#8221; background_color_gradient_start=&#8221;#013565&#8243; background_color_gradient_end=&#8221;#01377f&#8221; background_image=&#8221;https:\/\/faculdadeunibras.com.br\/maranhao\/wp-content\/uploads\/2021\/01\/blurb1-bg-image.png&#8221; background_enable_image=&#8221;off&#8221; width=&#8221;100%&#8221; module_alignment=&#8221;center&#8221; custom_margin=&#8221;||||true|false&#8221; custom_padding=&#8221;0px||0px||true|false&#8221; background_color_gradient_stops_tablet=&#8221;#013565 0%|#01377f 100%&#8221; background_color_gradient_stops_phone=&#8221;#013565 0%|#01377f 100%&#8221; da_disable_devices=&#8221;off|off|off&#8221; global_module=&#8221;239138&#8243; saved_tabs=&#8221;all&#8221; locked=&#8221;off&#8221; global_colors_info=&#8221;{}&#8221; da_is_popup=&#8221;off&#8221; da_exit_intent=&#8221;off&#8221; da_has_close=&#8221;on&#8221; da_alt_close=&#8221;off&#8221; da_dark_close=&#8221;off&#8221; da_not_modal=&#8221;on&#8221; da_is_singular=&#8221;off&#8221; da_with_loader=&#8221;off&#8221; da_has_shadow=&#8221;on&#8221;][et_pb_row column_structure=&#8221;3_5,2_5&#8243; _builder_version=&#8221;4.16&#8243; custom_margin=&#8221;|auto||auto|false|false&#8221; custom_padding=&#8221;0px||0px||true|false&#8221; global_colors_info=&#8221;{}&#8221;][et_pb_column type=&#8221;3_5&#8243; _builder_version=&#8221;4.16&#8243; global_colors_info=&#8221;{}&#8221;][\/et_pb_column][et_pb_column type=&#8221;2_5&#8243; _builder_version=&#8221;4.16&#8243; global_colors_info=&#8221;{}&#8221;][\/et_pb_column][\/et_pb_row][\/et_pb_section][et_pb_section fb_built=&#8221;1&#8243; custom_padding_last_edited=&#8221;on|desktop&#8221; _builder_version=&#8221;4.9.4&#8243; _module_preset=&#8221;default&#8221; background_color=&#8221;#262626&#8243; custom_margin=&#8221;||||true|false&#8221; custom_margin_tablet=&#8221;&#8221; custom_margin_phone=&#8221;&#8221; custom_margin_last_edited=&#8221;on|desktop&#8221; custom_padding=&#8221;47px||47px||true|false&#8221; custom_padding_tablet=&#8221;&#8221; custom_padding_phone=&#8221;&#8221; da_disable_devices=&#8221;off|off|off&#8221; global_module=&#8221;239139&#8243; saved_tabs=&#8221;all&#8221; global_colors_info=&#8221;{}&#8221; da_is_popup=&#8221;off&#8221; da_exit_intent=&#8221;off&#8221; da_has_close=&#8221;on&#8221; da_alt_close=&#8221;off&#8221; da_dark_close=&#8221;off&#8221; da_not_modal=&#8221;on&#8221; da_is_singular=&#8221;off&#8221; da_with_loader=&#8221;off&#8221; da_has_shadow=&#8221;on&#8221;][et_pb_row column_structure=&#8221;1_4,1_4,1_4,1_4&#8243; use_custom_gutter=&#8221;on&#8221; gutter_width=&#8221;1&#8243; custom_padding_last_edited=&#8221;on|desktop&#8221; _builder_version=&#8221;4.16&#8243; width=&#8221;100%&#8221; max_width=&#8221;1300px&#8221; custom_margin=&#8221;1px|auto|-30px|auto|false|false&#8221; custom_margin_tablet=&#8221;&#8221; custom_margin_phone=&#8221;&#8221; custom_margin_last_edited=&#8221;on|desktop&#8221; custom_padding=&#8221;1px|0px|1px|0px|true|true&#8221; custom_padding_tablet=&#8221;&#8221; custom_padding_phone=&#8221;||35px||false|false&#8221; global_colors_info=&#8221;{}&#8221;][et_pb_column type=&#8221;1_4&#8243; _builder_version=&#8221;4.16&#8243; background_enable_color=&#8221;off&#8221; custom_padding=&#8221;40px|40px|40px|40px|true|true&#8221; custom_padding_tablet=&#8221;|30px||30px|true|true&#8221; custom_padding_phone=&#8221;|20px||20px|true|true&#8221; custom_padding_last_edited=&#8221;on|desktop&#8221; border_radii=&#8221;on|10px|10px|10px|10px&#8221; global_colors_info=&#8221;{}&#8221;][et_pb_text _builder_version=&#8221;4.16&#8243; text_text_color=&#8221;#FFFFFF&#8221; custom_margin=&#8221;0px||19px||false|false&#8221; custom_padding=&#8221;10px|||10px|false|false&#8221; border_width_top=&#8221;1px&#8221; border_color_top=&#8221;#fec200&#8243; border_color_left=&#8221;#FEC200&#8243; global_colors_info=&#8221;{}&#8221;]<h5><span style=\"color: white; font-size: 13px;\"><strong>Links \u00dateis<\/strong><\/span><\/h5>[\/et_pb_text][et_pb_text _builder_version=&#8221;4.27.0&#8243; text_font=&#8221;||||||||&#8221; text_text_color=&#8221;#FFFFFF&#8221; custom_margin=&#8221;||21px|||&#8221; custom_margin_tablet=&#8221;&#8221; custom_margin_phone=&#8221;||0px||false|false&#8221; custom_margin_last_edited=&#8221;on|phone&#8221; custom_padding=&#8221;|||10px|false|false&#8221; custom_padding_tablet=&#8221;&#8221; custom_padding_phone=&#8221;&#8221; custom_padding_last_edited=&#8221;on|phone&#8221; global_colors_info=&#8221;{}&#8221;]<p><a href=\"https:\/\/faculdadeunibras.com.br\/maranhao\/graduacao\/\"><strong>Cursos<\/strong><\/a><\/p>\n<p><a href=\"https:\/\/faculdadeunibras.com.br\/maranhao\/servicos\/biblioteca-virtual\/\"><strong>Biblioteca<\/strong><\/a><\/p>\n<p><a href=\"https:\/\/faculdadeunibras.com.br\/maranhao\/blog\/\"><strong>Blog<\/strong><\/a><\/p>[\/et_pb_text][\/et_pb_column][et_pb_column type=&#8221;1_4&#8243; _builder_version=&#8221;4.16&#8243; background_enable_color=&#8221;off&#8221; custom_padding=&#8221;40px|40px|40px|40px|true|true&#8221; custom_padding_tablet=&#8221;|30px||30px|true|true&#8221; custom_padding_phone=&#8221;|20px||20px|true|true&#8221; custom_padding_last_edited=&#8221;on|desktop&#8221; border_radii=&#8221;on|10px|10px|10px|10px&#8221; global_colors_info=&#8221;{}&#8221;][et_pb_text _builder_version=&#8221;4.16&#8243; custom_margin=&#8221;0px||19px||false|false&#8221; custom_margin_tablet=&#8221;&#8221; custom_margin_phone=&#8221;0px||||false|false&#8221; custom_margin_last_edited=&#8221;on|phone&#8221; custom_padding=&#8221;10px|||10px|false|false&#8221; custom_padding_tablet=&#8221;&#8221; custom_padding_phone=&#8221;&#8221; custom_padding_last_edited=&#8221;on|phone&#8221; border_width_top=&#8221;1px&#8221; border_color_top=&#8221;#fec200&#8243; border_color_left=&#8221;#FEC200&#8243; global_colors_info=&#8221;{}&#8221;]<h5><span style=\"color: white; font-size: 13px;\"><strong>Telefones<\/strong><\/span><\/h5>[\/et_pb_text][et_pb_text _builder_version=&#8221;4.21.0&#8243; text_font=&#8221;|700|||||||&#8221; text_text_color=&#8221;#FFFFFF&#8221; custom_padding=&#8221;|||10px|false|false&#8221; global_colors_info=&#8221;{}&#8221;]<p><span><\/span>Whatsapp Comercial:<br \/><a href=\"https:\/\/api.whatsapp.com\/send\/?phone=98982299878&amp;text&amp;type=phone_number&amp;app_absent=0\">(98) 98229-9878<\/a><\/p>[\/et_pb_text][et_pb_text _builder_version=&#8221;4.18.0&#8243; custom_margin=&#8221;50px||19px||false|false&#8221; custom_margin_tablet=&#8221;&#8221; custom_margin_phone=&#8221;82px||||false|false&#8221; custom_margin_last_edited=&#8221;on|desktop&#8221; custom_padding=&#8221;10px|||10px|false|false&#8221; border_width_top=&#8221;1px&#8221; border_color_top=&#8221;#fec200&#8243; border_color_left=&#8221;#FEC200&#8243; global_colors_info=&#8221;{}&#8221;]<h5><span style=\"color: white; font-size: 13px;\"><strong>Ouvidoria Institucional<\/strong><\/span><\/h5>[\/et_pb_text][et_pb_text _builder_version=&#8221;4.16&#8243; text_font=&#8221;|700|||||||&#8221; custom_margin=&#8221;||4px|||&#8221; custom_margin_tablet=&#8221;&#8221; custom_margin_phone=&#8221;||0px||false|false&#8221; custom_margin_last_edited=&#8221;on|phone&#8221; custom_padding=&#8221;|||10px|false|false&#8221; global_colors_info=&#8221;{}&#8221;]<p><a href=\"https:\/\/faculdadeunibras.com.br\/maranhao\/ouvidoria\/\"><strong>Ouvidoria<\/strong><\/a><\/p>[\/et_pb_text][\/et_pb_column][et_pb_column type=&#8221;1_4&#8243; _builder_version=&#8221;4.16&#8243; background_enable_color=&#8221;off&#8221; custom_padding=&#8221;40px|40px|40px|40px|true|true&#8221; custom_padding_tablet=&#8221;|30px||30px|true|true&#8221; custom_padding_phone=&#8221;|20px||20px|true|true&#8221; custom_padding_last_edited=&#8221;on|desktop&#8221; border_radii=&#8221;on|10px|10px|10px|10px&#8221; global_colors_info=&#8221;{}&#8221;][et_pb_text _builder_version=&#8221;4.16&#8243; custom_margin=&#8221;0px||19px||false|false&#8221; custom_margin_tablet=&#8221;&#8221; custom_margin_phone=&#8221;0px||||false|false&#8221; custom_margin_last_edited=&#8221;on|phone&#8221; custom_padding=&#8221;10px|||10px|false|false&#8221; custom_padding_tablet=&#8221;&#8221; custom_padding_phone=&#8221;&#8221; custom_padding_last_edited=&#8221;on|phone&#8221; border_width_top=&#8221;1px&#8221; border_color_top=&#8221;#fec200&#8243; border_color_left=&#8221;#FEC200&#8243; global_colors_info=&#8221;{}&#8221;]<h5><span style=\"color: white; font-size: 13px;\"><strong>Informa\u00e7\u00f5es<\/strong><\/span><\/h5>[\/et_pb_text][et_pb_text _builder_version=&#8221;4.16&#8243; text_font=&#8221;|700|||||||&#8221; custom_margin=&#8221;||11px|||&#8221; custom_padding=&#8221;|||10px|false|false&#8221; global_colors_info=&#8221;{}&#8221;]<p><strong><a href=\"https:\/\/faculdadeunibras.com.br\/maranhao\/politica-de-privacidade\/\">Politica de Privacidade<\/a><\/strong><\/p>[\/et_pb_text][et_pb_text _builder_version=&#8221;4.16&#8243; text_font=&#8221;|700|||||||&#8221; custom_margin=&#8221;||11px|||&#8221; custom_padding=&#8221;|||10px|false|false&#8221; global_colors_info=&#8221;{}&#8221;]<p><strong><a href=\"https:\/\/faculdadeunibras.com.br\/maranhao\/contato-lgpd\/\">Contato LGPD<\/a><\/strong><\/p>[\/et_pb_text][et_pb_text _builder_version=&#8221;4.16&#8243; text_font=&#8221;|700|||||||&#8221; custom_margin=&#8221;||37px|||&#8221; custom_padding=&#8221;|||10px|false|false&#8221; global_colors_info=&#8221;{}&#8221;]<p><strong><a href=\"https:\/\/faculdadeunibras.com.br\/maranhao\/bio\/\">Bio<\/a><\/strong><\/p>[\/et_pb_text][\/et_pb_column][et_pb_column type=&#8221;1_4&#8243; _builder_version=&#8221;4.16&#8243; background_enable_color=&#8221;off&#8221; custom_padding=&#8221;40px|40px|40px|40px|true|true&#8221; custom_padding_tablet=&#8221;|30px||30px|true|true&#8221; custom_padding_phone=&#8221;|20px||20px|true|true&#8221; custom_padding_last_edited=&#8221;on|desktop&#8221; border_radii=&#8221;on|10px|10px|10px|10px&#8221; global_colors_info=&#8221;{}&#8221;][et_pb_text _builder_version=&#8221;4.16&#8243; custom_margin=&#8221;0px||19px||false|false&#8221; custom_margin_tablet=&#8221;&#8221; custom_margin_phone=&#8221;-27px||19px||false|false&#8221; custom_margin_last_edited=&#8221;on|desktop&#8221; custom_padding=&#8221;10px|||10px|false|false&#8221; border_width_top=&#8221;1px&#8221; border_color_top=&#8221;#fec200&#8243; border_color_left=&#8221;#FEC200&#8243; global_colors_info=&#8221;{}&#8221;]<h5><span style=\"color: white; font-size: 13px;\"><strong>Endere\u00e7o<\/strong><\/span><\/h5>[\/et_pb_text][et_pb_text _builder_version=&#8221;4.16&#8243; text_font=&#8221;||||||||&#8221; text_text_color=&#8221;#FFFFFF&#8221; custom_margin=&#8221;||21px|||&#8221; custom_margin_tablet=&#8221;&#8221; custom_margin_phone=&#8221;||0px||false|false&#8221; custom_margin_last_edited=&#8221;on|phone&#8221; custom_padding=&#8221;|||10px|false|false&#8221; global_colors_info=&#8221;{}&#8221;]Rodovia BR 316 N 6051, Jardim Primavera, Santa In\u00eas, Maranh\u00e3o.<br \/>\nCEP: 65.300-970[\/et_pb_text][\/et_pb_column][\/et_pb_row][\/et_pb_section][et_pb_section fb_built=&#8221;1&#8243; custom_padding_last_edited=&#8221;on|desktop&#8221; _builder_version=&#8221;4.14.2&#8243; _module_preset=&#8221;default&#8221; background_color=&#8221;#1e1e1e&#8221; custom_padding=&#8221;24px||24px||true|false&#8221; custom_padding_tablet=&#8221;&#8221; custom_padding_phone=&#8221;||10px||false|false&#8221; da_disable_devices=&#8221;off|off|off&#8221; global_module=&#8221;239140&#8243; saved_tabs=&#8221;all&#8221; global_colors_info=&#8221;{}&#8221; da_is_popup=&#8221;off&#8221; da_exit_intent=&#8221;off&#8221; da_has_close=&#8221;on&#8221; da_alt_close=&#8221;off&#8221; da_dark_close=&#8221;off&#8221; da_not_modal=&#8221;on&#8221; da_is_singular=&#8221;off&#8221; da_with_loader=&#8221;off&#8221; da_has_shadow=&#8221;on&#8221;][et_pb_row column_structure=&#8221;1_3,1_3,1_3&#8243; _builder_version=&#8221;4.16&#8243; _module_preset=&#8221;default&#8221; width=&#8221;100%&#8221; max_width=&#8221;1300px&#8221; custom_padding=&#8221;3px||5px|||&#8221; global_colors_info=&#8221;{}&#8221;][et_pb_column type=&#8221;1_3&#8243; _builder_version=&#8221;4.16&#8243; _module_preset=&#8221;default&#8221; global_colors_info=&#8221;{}&#8221;][et_pb_text _builder_version=&#8221;4.16&#8243; _module_preset=&#8221;default&#8221; text_font=&#8221;|700|||||||&#8221; text_text_color=&#8221;#FFFFFF&#8221; text_font_size=&#8221;15px&#8221; text_orientation=&#8221;center&#8221; width=&#8221;100%&#8221; custom_margin=&#8221;10px||||false|false&#8221; custom_margin_tablet=&#8221;&#8221; custom_margin_phone=&#8221;10px||||false|false&#8221; custom_margin_last_edited=&#8221;on|phone&#8221; custom_padding_tablet=&#8221;&#8221; custom_padding_phone=&#8221;&#8221; custom_padding_last_edited=&#8221;on|phone&#8221; global_colors_info=&#8221;{}&#8221;]<p>Mais que educa\u00e7\u00e3o, transforma\u00e7\u00e3o social.<\/p>[\/et_pb_text][\/et_pb_column][et_pb_column type=&#8221;1_3&#8243; _builder_version=&#8221;4.16&#8243; _module_preset=&#8221;default&#8221; global_colors_info=&#8221;{}&#8221;][et_pb_image src=&#8221;https:\/\/faculdadeunibras.com.br\/maranhao\/wp-content\/uploads\/2026\/01\/Unibras-Maranhao-logobranca.png&#8221; title_text=&#8221;Unibras Maranh\u00e3o-logobranca&#8221; align=&#8221;center&#8221; _builder_version=&#8221;4.27.0&#8243; _module_preset=&#8221;default&#8221; width=&#8221;49%&#8221; width_tablet=&#8221;&#8221; width_phone=&#8221;42%&#8221; width_last_edited=&#8221;on|phone&#8221; module_alignment=&#8221;center&#8221; custom_margin_tablet=&#8221;&#8221; custom_margin_phone=&#8221;-10px||20px||false|false&#8221; custom_margin_last_edited=&#8221;on|phone&#8221; global_colors_info=&#8221;{}&#8221;][\/et_pb_image][\/et_pb_column][et_pb_column type=&#8221;1_3&#8243; _builder_version=&#8221;4.16&#8243; _module_preset=&#8221;default&#8221; global_colors_info=&#8221;{}&#8221;][\/et_pb_column][\/et_pb_row][\/et_pb_section]","protected":false},"excerpt":{"rendered":"<p>ESTRUTURA ESTRUTURA ACAD\u00caMICO ADMINISTRATIVA A estrutura acad\u00eamico-administrativa da Faculdade UniBRAS Maranh\u00e3o (FACBRAS) \u00e9 composta por \u00f3rg\u00e3os colegiados, executivos e suplementares. S\u00e3o \u00f3rg\u00e3os da administra\u00e7\u00e3o superior: Conselho Superior &#8211; CONSUP; Diretoria Geral; III. Diretor Acad\u00eamico. S\u00e3o \u00f3rg\u00e3os de administra\u00e7\u00e3o acad\u00eamica: Conselho de Curso; Coordena\u00e7\u00e3o de Cursos. A Institui\u00e7\u00e3o disp\u00f5e de \u00f3rg\u00e3os suplementares destinados a apoiarem as [&hellip;]<\/p>\n","protected":false},"author":1,"featured_media":0,"parent":0,"menu_order":0,"comment_status":"open","ping_status":"open","template":"","meta":{"_et_pb_use_builder":"on","_et_pb_old_content":"<!-- wp:themify-builder\/canvas \/--><!--themify_builder_static-->\r\n<p>ESTRUTURA ACAD\u00caMICO ADMINISTRATIVA<\/p>\r\n<p>A estrutura acad\u00eamico-administrativa da Faculdade Santa In\u00eas \u00e9 composta por \u00f3rg\u00e3os colegiados, executivos e suplementares.<\/p>\r\n<p>S\u00e3o \u00f3rg\u00e3os da administra\u00e7\u00e3o superior:<\/p>\r\n<ol>\r\n<li>Conselho Superior - CONSUP;<\/li>\r\n<li>Diretoria Geral;<\/li>\r\n<\/ol>\r\n<p>III. Diretor Acad\u00eamico.<\/p>\r\n<p>S\u00e3o \u00f3rg\u00e3os de administra\u00e7\u00e3o acad\u00eamica:<\/p>\r\n<ol>\r\n<li>Conselho de Curso;<\/li>\r\n<li>Coordena\u00e7\u00e3o de Cursos.<\/li>\r\n<\/ol>\r\n<p>A Institui\u00e7\u00e3o disp\u00f5e de \u00f3rg\u00e3os suplementares destinados a apoiarem as atividades de ensino, pesquisa e extens\u00e3o, cabendo ao CONSUP disciplinar a sua cria\u00e7\u00e3o e funcionamento.<\/p>\r\n<p>S\u00e3o \u00f3rg\u00e3os suplementares e de apoio administrativo: a Secretaria; a Biblioteca; o Setor Financeiro (Tesouraria e a Contabilidade); a Ouvidoria; os Laborat\u00f3rios; o N\u00facleo de Apoio Psicopedag\u00f3gico - NAP com o N\u00facleo de Acessibilidade - NA; o Setor de TI; o Setor de RH; e, os Demais Servi\u00e7os.<\/p>\r\n<p>A Comiss\u00e3o Pr\u00f3pria de Avalia\u00e7\u00e3o - CPA \u00e9 um \u00f3rg\u00e3o de assessoramento, respons\u00e1vel pela condu\u00e7\u00e3o do processo de avalia\u00e7\u00e3o institucional, conforme a legisla\u00e7\u00e3o vigente.<\/p>\r\n<p>Integra a Diretoria Geral, a Dire\u00e7\u00e3o Acad\u00eamica, a(s) Coordena\u00e7\u00e3o(\u00f5es) Acad\u00eamica(s) e demais \u00f3rg\u00e3os suplementares, envolvidos direta e indiretamente com a gest\u00e3o acad\u00eamica e administrativa da institui\u00e7\u00e3o.<\/p>\r\n<p><img src=\"https:\/\/faculdadeunibras.com.br\/maranhao\/wp-content\/uploads\/2019\/11\/organograma-santa-ines.png\" sizes=\"(max-width: 581px) 100vw, 581px\" srcset=\"https:\/\/faculdadeunibras.com.br\/maranhao\/wp-content\/uploads\/2019\/11\/organograma-santa-ines.png 581w, https:\/\/faculdadeunibras.com.br\/maranhao\/wp-content\/uploads\/2019\/11\/organograma-santa-ines-258x300.png 258w\" alt=\"organograma-santa-ines\" \/><\/p>\r\n<!--\/themify_builder_static-->","_et_gb_content_width":"","footnotes":""},"class_list":["post-2214","page","type-page","status-publish","hentry"],"yoast_head":"<!-- This site is optimized with the Yoast SEO plugin v23.2 - https:\/\/yoast.com\/wordpress\/plugins\/seo\/ -->\n<title>Estrutura - Faculdade UniBRAS<\/title>\n<meta name=\"robots\" content=\"index, follow, max-snippet:-1, max-image-preview:large, max-video-preview:-1\" \/>\n<link rel=\"canonical\" href=\"https:\/\/faculdadeunibras.com.br\/maranhao\/estrutura\/\" \/>\n<meta property=\"og:locale\" content=\"pt_BR\" \/>\n<meta property=\"og:type\" content=\"article\" \/>\n<meta property=\"og:title\" content=\"Estrutura - Faculdade UniBRAS\" \/>\n<meta property=\"og:description\" content=\"ESTRUTURA ESTRUTURA ACAD\u00caMICO ADMINISTRATIVA A estrutura acad\u00eamico-administrativa da Faculdade UniBRAS Maranh\u00e3o (FACBRAS) \u00e9 composta por \u00f3rg\u00e3os colegiados, executivos e suplementares. S\u00e3o \u00f3rg\u00e3os da administra\u00e7\u00e3o superior: Conselho Superior - CONSUP; Diretoria Geral; III. Diretor Acad\u00eamico. S\u00e3o \u00f3rg\u00e3os de administra\u00e7\u00e3o acad\u00eamica: Conselho de Curso; Coordena\u00e7\u00e3o de Cursos. A Institui\u00e7\u00e3o disp\u00f5e de \u00f3rg\u00e3os suplementares destinados a apoiarem as [&hellip;]\" \/>\n<meta property=\"og:url\" content=\"https:\/\/faculdadeunibras.com.br\/maranhao\/estrutura\/\" \/>\n<meta property=\"og:site_name\" content=\"Faculdade UniBRAS\" \/>\n<meta property=\"article:modified_time\" content=\"2026-01-14T14:22:07+00:00\" \/>\n<meta property=\"og:image\" content=\"https:\/\/faculdadeunibras.com.br\/maranhao\/wp-content\/uploads\/2019\/11\/organograma-santa-ines.png\" \/>\n<meta name=\"twitter:card\" content=\"summary_large_image\" \/>\n<meta name=\"twitter:label1\" content=\"Est. tempo de leitura\" \/>\n\t<meta name=\"twitter:data1\" content=\"9 minutos\" \/>\n<script type=\"application\/ld+json\" class=\"yoast-schema-graph\">{\"@context\":\"https:\/\/schema.org\",\"@graph\":[{\"@type\":\"WebPage\",\"@id\":\"https:\/\/faculdadeunibras.com.br\/maranhao\/estrutura\/\",\"url\":\"https:\/\/faculdadeunibras.com.br\/maranhao\/estrutura\/\",\"name\":\"Estrutura - Faculdade UniBRAS\",\"isPartOf\":{\"@id\":\"https:\/\/faculdadeunibras.com.br\/maranhao\/#website\"},\"primaryImageOfPage\":{\"@id\":\"https:\/\/faculdadeunibras.com.br\/maranhao\/estrutura\/#primaryimage\"},\"image\":{\"@id\":\"https:\/\/faculdadeunibras.com.br\/maranhao\/estrutura\/#primaryimage\"},\"thumbnailUrl\":\"https:\/\/faculdadeunibras.com.br\/maranhao\/wp-content\/uploads\/2019\/11\/organograma-santa-ines.png\",\"datePublished\":\"2014-05-06T17:56:29+00:00\",\"dateModified\":\"2026-01-14T14:22:07+00:00\",\"breadcrumb\":{\"@id\":\"https:\/\/faculdadeunibras.com.br\/maranhao\/estrutura\/#breadcrumb\"},\"inLanguage\":\"pt-BR\",\"potentialAction\":[{\"@type\":\"ReadAction\",\"target\":[\"https:\/\/faculdadeunibras.com.br\/maranhao\/estrutura\/\"]}]},{\"@type\":\"ImageObject\",\"inLanguage\":\"pt-BR\",\"@id\":\"https:\/\/faculdadeunibras.com.br\/maranhao\/estrutura\/#primaryimage\",\"url\":\"https:\/\/faculdadeunibras.com.br\/maranhao\/wp-content\/uploads\/2019\/11\/organograma-santa-ines.png\",\"contentUrl\":\"https:\/\/faculdadeunibras.com.br\/maranhao\/wp-content\/uploads\/2019\/11\/organograma-santa-ines.png\",\"width\":581,\"height\":675},{\"@type\":\"BreadcrumbList\",\"@id\":\"https:\/\/faculdadeunibras.com.br\/maranhao\/estrutura\/#breadcrumb\",\"itemListElement\":[{\"@type\":\"ListItem\",\"position\":1,\"name\":\"In\u00edcio\",\"item\":\"https:\/\/faculdadeunibras.com.br\/maranhao\/\"},{\"@type\":\"ListItem\",\"position\":2,\"name\":\"Estrutura\"}]},{\"@type\":\"WebSite\",\"@id\":\"https:\/\/faculdadeunibras.com.br\/maranhao\/#website\",\"url\":\"https:\/\/faculdadeunibras.com.br\/maranhao\/\",\"name\":\"Faculdade UniBRAS\",\"description\":\"Maranh\u00e3o\",\"potentialAction\":[{\"@type\":\"SearchAction\",\"target\":{\"@type\":\"EntryPoint\",\"urlTemplate\":\"https:\/\/faculdadeunibras.com.br\/maranhao\/?s={search_term_string}\"},\"query-input\":\"required name=search_term_string\"}],\"inLanguage\":\"pt-BR\"}]}<\/script>\n<!-- \/ Yoast SEO plugin. -->","yoast_head_json":{"title":"Estrutura - Faculdade UniBRAS","robots":{"index":"index","follow":"follow","max-snippet":"max-snippet:-1","max-image-preview":"max-image-preview:large","max-video-preview":"max-video-preview:-1"},"canonical":"https:\/\/faculdadeunibras.com.br\/maranhao\/estrutura\/","og_locale":"pt_BR","og_type":"article","og_title":"Estrutura - Faculdade UniBRAS","og_description":"ESTRUTURA ESTRUTURA ACAD\u00caMICO ADMINISTRATIVA A estrutura acad\u00eamico-administrativa da Faculdade UniBRAS Maranh\u00e3o (FACBRAS) \u00e9 composta por \u00f3rg\u00e3os colegiados, executivos e suplementares. S\u00e3o \u00f3rg\u00e3os da administra\u00e7\u00e3o superior: Conselho Superior - CONSUP; Diretoria Geral; III. Diretor Acad\u00eamico. S\u00e3o \u00f3rg\u00e3os de administra\u00e7\u00e3o acad\u00eamica: Conselho de Curso; Coordena\u00e7\u00e3o de Cursos. A Institui\u00e7\u00e3o disp\u00f5e de \u00f3rg\u00e3os suplementares destinados a apoiarem as [&hellip;]","og_url":"https:\/\/faculdadeunibras.com.br\/maranhao\/estrutura\/","og_site_name":"Faculdade UniBRAS","article_modified_time":"2026-01-14T14:22:07+00:00","og_image":[{"url":"https:\/\/faculdadeunibras.com.br\/maranhao\/wp-content\/uploads\/2019\/11\/organograma-santa-ines.png"}],"twitter_card":"summary_large_image","twitter_misc":{"Est. tempo de leitura":"9 minutos"},"schema":{"@context":"https:\/\/schema.org","@graph":[{"@type":"WebPage","@id":"https:\/\/faculdadeunibras.com.br\/maranhao\/estrutura\/","url":"https:\/\/faculdadeunibras.com.br\/maranhao\/estrutura\/","name":"Estrutura - Faculdade UniBRAS","isPartOf":{"@id":"https:\/\/faculdadeunibras.com.br\/maranhao\/#website"},"primaryImageOfPage":{"@id":"https:\/\/faculdadeunibras.com.br\/maranhao\/estrutura\/#primaryimage"},"image":{"@id":"https:\/\/faculdadeunibras.com.br\/maranhao\/estrutura\/#primaryimage"},"thumbnailUrl":"https:\/\/faculdadeunibras.com.br\/maranhao\/wp-content\/uploads\/2019\/11\/organograma-santa-ines.png","datePublished":"2014-05-06T17:56:29+00:00","dateModified":"2026-01-14T14:22:07+00:00","breadcrumb":{"@id":"https:\/\/faculdadeunibras.com.br\/maranhao\/estrutura\/#breadcrumb"},"inLanguage":"pt-BR","potentialAction":[{"@type":"ReadAction","target":["https:\/\/faculdadeunibras.com.br\/maranhao\/estrutura\/"]}]},{"@type":"ImageObject","inLanguage":"pt-BR","@id":"https:\/\/faculdadeunibras.com.br\/maranhao\/estrutura\/#primaryimage","url":"https:\/\/faculdadeunibras.com.br\/maranhao\/wp-content\/uploads\/2019\/11\/organograma-santa-ines.png","contentUrl":"https:\/\/faculdadeunibras.com.br\/maranhao\/wp-content\/uploads\/2019\/11\/organograma-santa-ines.png","width":581,"height":675},{"@type":"BreadcrumbList","@id":"https:\/\/faculdadeunibras.com.br\/maranhao\/estrutura\/#breadcrumb","itemListElement":[{"@type":"ListItem","position":1,"name":"In\u00edcio","item":"https:\/\/faculdadeunibras.com.br\/maranhao\/"},{"@type":"ListItem","position":2,"name":"Estrutura"}]},{"@type":"WebSite","@id":"https:\/\/faculdadeunibras.com.br\/maranhao\/#website","url":"https:\/\/faculdadeunibras.com.br\/maranhao\/","name":"Faculdade UniBRAS","description":"Maranh\u00e3o","potentialAction":[{"@type":"SearchAction","target":{"@type":"EntryPoint","urlTemplate":"https:\/\/faculdadeunibras.com.br\/maranhao\/?s={search_term_string}"},"query-input":"required name=search_term_string"}],"inLanguage":"pt-BR"}]}},"_links":{"self":[{"href":"https:\/\/faculdadeunibras.com.br\/maranhao\/wp-json\/wp\/v2\/pages\/2214","targetHints":{"allow":["GET"]}}],"collection":[{"href":"https:\/\/faculdadeunibras.com.br\/maranhao\/wp-json\/wp\/v2\/pages"}],"about":[{"href":"https:\/\/faculdadeunibras.com.br\/maranhao\/wp-json\/wp\/v2\/types\/page"}],"author":[{"embeddable":true,"href":"https:\/\/faculdadeunibras.com.br\/maranhao\/wp-json\/wp\/v2\/users\/1"}],"replies":[{"embeddable":true,"href":"https:\/\/faculdadeunibras.com.br\/maranhao\/wp-json\/wp\/v2\/comments?post=2214"}],"version-history":[{"count":6,"href":"https:\/\/faculdadeunibras.com.br\/maranhao\/wp-json\/wp\/v2\/pages\/2214\/revisions"}],"predecessor-version":[{"id":993333,"href":"https:\/\/faculdadeunibras.com.br\/maranhao\/wp-json\/wp\/v2\/pages\/2214\/revisions\/993333"}],"wp:attachment":[{"href":"https:\/\/faculdadeunibras.com.br\/maranhao\/wp-json\/wp\/v2\/media?parent=2214"}],"curies":[{"name":"wp","href":"https:\/\/api.w.org\/{rel}","templated":true}]}}