{"id":2638,"date":"2014-05-26T14:36:08","date_gmt":"2014-05-26T14:36:08","guid":{"rendered":"http:\/\/faculdadesantaines.com.br\/?page_id=2638"},"modified":"2026-01-14T11:22:38","modified_gmt":"2026-01-14T14:22:38","slug":"missao","status":"publish","type":"page","link":"https:\/\/faculdadeunibras.com.br\/maranhao\/missao\/","title":{"rendered":"Miss\u00e3o"},"content":{"rendered":"[et_pb_section fb_built=&#8221;1&#8243; _builder_version=&#8221;4.16&#8243; custom_padding=&#8221;13px||8px|||&#8221; global_colors_info=&#8221;{}&#8221; da_is_popup=&#8221;off&#8221; da_exit_intent=&#8221;off&#8221; da_has_close=&#8221;on&#8221; da_alt_close=&#8221;off&#8221; da_dark_close=&#8221;off&#8221; da_not_modal=&#8221;on&#8221; da_is_singular=&#8221;off&#8221; da_with_loader=&#8221;off&#8221; da_has_shadow=&#8221;on&#8221; da_disable_devices=&#8221;off|off|off&#8221;][et_pb_row _builder_version=&#8221;4.16&#8243; width=&#8221;90%&#8221; custom_padding=&#8221;||11px|||&#8221; global_colors_info=&#8221;{}&#8221;][et_pb_column type=&#8221;4_4&#8243; _builder_version=&#8221;4.16&#8243; global_colors_info=&#8221;{}&#8221;][et_pb_text _builder_version=&#8221;4.16&#8243; min_height=&#8221;38px&#8221; border_width_bottom=&#8221;2px&#8221; border_color_bottom=&#8221;#f5ab00&#8243; global_colors_info=&#8221;{}&#8221;]<h1 style=\"font-size: 25px; text-align: left;\"><strong><span color=\"#003461\" style=\"color: #003461;\">MISS\u00c3O<\/span><\/strong><\/h1>[\/et_pb_text][\/et_pb_column][\/et_pb_row][\/et_pb_section][et_pb_section fb_built=&#8221;1&#8243; _builder_version=&#8221;4.16&#8243; custom_padding=&#8221;4px|||||&#8221; global_colors_info=&#8221;{}&#8221; da_is_popup=&#8221;off&#8221; da_exit_intent=&#8221;off&#8221; da_has_close=&#8221;on&#8221; da_alt_close=&#8221;off&#8221; da_dark_close=&#8221;off&#8221; da_not_modal=&#8221;on&#8221; da_is_singular=&#8221;off&#8221; da_with_loader=&#8221;off&#8221; da_has_shadow=&#8221;on&#8221; da_disable_devices=&#8221;off|off|off&#8221;][et_pb_row _builder_version=&#8221;4.16&#8243; background_size=&#8221;initial&#8221; background_position=&#8221;top_left&#8221; background_repeat=&#8221;repeat&#8221; custom_padding=&#8221;4px|||||&#8221; global_colors_info=&#8221;{}&#8221;][et_pb_column type=&#8221;4_4&#8243; _builder_version=&#8221;4.16&#8243; custom_padding=&#8221;|||&#8221; global_colors_info=&#8221;{}&#8221; custom_padding__hover=&#8221;|||&#8221;][et_pb_text _builder_version=&#8221;4.16&#8243; background_size=&#8221;initial&#8221; background_position=&#8221;top_left&#8221; background_repeat=&#8221;repeat&#8221; global_colors_info=&#8221;{}&#8221;]<div id=\"exibe\">\n<div class=\"informacoes\">\n<p>&#8230;<\/p>\n<\/div>\n<\/div>\n<p><!--themify_builder_static--><\/p>\n<p>A MISS\u00c3O da <span>Faculdade <\/span>UniBRAS Maranh\u00e3o (FACBRAS) \u00e9:<\/p>\n<p>&#8220;Promover a constru\u00e7\u00e3o do conhecimento, formando profissionais comprometidos com a excel\u00eancia nas \u00e1reas de atua\u00e7\u00e3o, conscientes das suas responsabilidades ambientais, sociais e human\u00edsticas, e com uma postura cidad\u00e3, \u00e9tica, empreendedora, inovadora, aut\u00f4noma e cr\u00edtica sendo construtores e transformadores da sociedade&#8221;.<\/p>\n<p>A VIS\u00c3O da <span>Faculdade <\/span>UniBRAS Maranh\u00e3o (FACBRAS) \u00e9:<\/p>\n<p>&#8220;Tornar-se refer\u00eancia no Estado do Maranh\u00e3o, assumindo o compromisso institucional de disseminar conhecimento cient\u00edfico, tecnol\u00f3gico e cultural, e empreendedor por meio da oferta do Ensino Superior nas diversas \u00e1reas do saber, em especial os da \u00e1rea da sa\u00fade, contribuindo para o desenvolvimento do Pa\u00eds&#8221;.<\/p>\n<p>A organiza\u00e7\u00e3o da Institui\u00e7\u00e3o, com a transforma\u00e7\u00e3o das metas produzidas coletivamente em a\u00e7\u00f5es coordenadas, s\u00f3 \u00e9 poss\u00edvel mediante o exerc\u00edcio de rela\u00e7\u00f5es interpessoais que estejam pautadas pela justi\u00e7a e solidariedade.<\/p>\n<p>Ao comprometer-se com a educa\u00e7\u00e3o e o conhecimento, a Faculdade Santa In\u00eas desenvolve suas atividades, alicer\u00e7ada nos seguintes VALORES:<\/p>\n<ul>\n<li>RESPEITO \u00c0 LIBERDADE<\/li>\n<li>PLURALISMO DE IDEIAS, norteando a forma\u00e7\u00e3o integral do profissional com CONSCI\u00caNCIA \u00c9TICA e SOLID\u00c1RIA<\/li>\n<\/ul>\n<p>Nesta perspectiva, objetiva proporcionar condi\u00e7\u00f5es concretas para a melhoria da qualidade de vida e para o desenvolvimento regional, direcionando nossas pol\u00edticas e a\u00e7\u00f5es para o avan\u00e7o do conhecimento com base nos problemas e demandas da comunidade na qual est\u00e1 inserida.<\/p>\n<p>De acordo com o seu Regimento Geral, a Faculdade Santa In\u00eas, como institui\u00e7\u00e3o educacional, destina-se a promover o ensino, a investiga\u00e7\u00e3o cient\u00edfica e a extens\u00e3o em n\u00edvel superior, e tem por finalidade:<\/p>\n<ol>\n<li><em> A forma\u00e7\u00e3o de recursos humanos nas \u00e1reas de conhecimento em que atuar, aptos para a inser\u00e7\u00e3o em setores profissionais e para a participa\u00e7\u00e3o no desenvolvimento da sociedade brasileira, promovendo a\u00e7\u00f5es para sua forma\u00e7\u00e3o continuada;<\/em><\/li>\n<li><em> O incentivo e o apoio \u00e0 pesquisa e \u00e0 produ\u00e7\u00e3o acad\u00eamica;<\/em><\/li>\n<\/ol>\n<p><em>III. A realiza\u00e7\u00e3o e o incentivo a atividades criadoras, estimulando voca\u00e7\u00f5es e organizando programas, particularmente vinculados \u00e0s necessidades regionais e nacionais;<\/em><\/p>\n<ol>\n<li><em> Incentivar praticar investigativas, visando ao desenvolvimento da ci\u00eancia e da tecnologia, da cria\u00e7\u00e3o e difus\u00e3o da cultura e o entendimento do homem e do meio em que vive;<\/em><\/li>\n<li><em> A extens\u00e3o do ensino \u00e0 comunidade mediante cursos e servi\u00e7os especiais, prestando colabora\u00e7\u00e3o constante na solu\u00e7\u00e3o de seus problemas;<\/em><\/li>\n<li><em> Suscitar o desejo permanente de aperfei\u00e7oamento cultural e profissional e possibilitar a correspondente concretiza\u00e7\u00e3o, integrando os conhecimentos que v\u00e3o sendo adquiridos numa estrutura intelectual sistematizadora do conhecimento de cada gera\u00e7\u00e3o;<\/em><\/li>\n<\/ol>\n<p><em>VII. O est\u00edmulo \u00e0 cria\u00e7\u00e3o cultural, ao desenvolvimento do esp\u00edrito cient\u00edfico e do pensamento reflexivo;<\/em><\/p>\n<p><em>VIII. O oferecimento de condi\u00e7\u00f5es para especializa\u00e7\u00e3o e aperfei\u00e7oamento do seu corpo docente e t\u00e9cnico-administrativo;<\/em><\/p>\n<ol>\n<li><em> O oferecimento de ensino t\u00e9cnico profissionalizante para auxiliar o desenvolvimento do pa\u00eds;<\/em><\/li>\n<li><em> Estimular o conhecimento dos problemas do mundo globalizado, e simultaneamente prestar servi\u00e7os especializados \u00e0 comunidade e estabelecer com esta uma rela\u00e7\u00e3o e reciprocidade;<\/em><\/li>\n<li><em> A divulga\u00e7\u00e3o de conhecimentos culturais, cient\u00edficos e t\u00e9cnicos que constituem patrim\u00f4nio da humanidade e comunicar o saber atrav\u00e9s do ensino, atrav\u00e9s do ensino, de publica\u00e7\u00f5es ou de outras formas de comunica\u00e7\u00e3o.<\/em><\/li>\n<\/ol>\n<p><em>XII. A promo\u00e7\u00e3o da extens\u00e3o, aberta \u00e0 participa\u00e7\u00e3o da comunidade, visando \u00e0 difus\u00e3o das conquistas e benef\u00edcios da cria\u00e7\u00e3o cultural e da pesquisa cient\u00edfica e tecnol\u00f3gica geradas na Institui\u00e7\u00e3o.<\/em><\/p>\n<p><!--\/themify_builder_static--><\/p>[\/et_pb_text][\/et_pb_column][\/et_pb_row][\/et_pb_section][et_pb_section fb_built=&#8221;1&#8243; disabled_on=&#8221;off|off|off&#8221; admin_label=&#8221;Stats&#8221; _builder_version=&#8221;4.16&#8243; background_enable_color=&#8221;off&#8221; use_background_color_gradient=&#8221;on&#8221; background_color_gradient_stops=&#8221;#013565 0%|#01377f 100%&#8221; background_color_gradient_start=&#8221;#013565&#8243; background_color_gradient_end=&#8221;#01377f&#8221; background_image=&#8221;https:\/\/faculdadeunibras.com.br\/maranhao\/wp-content\/uploads\/2021\/01\/blurb1-bg-image.png&#8221; background_enable_image=&#8221;off&#8221; width=&#8221;100%&#8221; module_alignment=&#8221;center&#8221; custom_margin=&#8221;||||true|false&#8221; custom_padding=&#8221;0px||0px||true|false&#8221; background_color_gradient_stops_tablet=&#8221;#013565 0%|#01377f 100%&#8221; background_color_gradient_stops_phone=&#8221;#013565 0%|#01377f 100%&#8221; da_disable_devices=&#8221;off|off|off&#8221; global_module=&#8221;239138&#8243; saved_tabs=&#8221;all&#8221; locked=&#8221;off&#8221; global_colors_info=&#8221;{}&#8221; da_is_popup=&#8221;off&#8221; da_exit_intent=&#8221;off&#8221; da_has_close=&#8221;on&#8221; da_alt_close=&#8221;off&#8221; da_dark_close=&#8221;off&#8221; da_not_modal=&#8221;on&#8221; da_is_singular=&#8221;off&#8221; da_with_loader=&#8221;off&#8221; da_has_shadow=&#8221;on&#8221;][et_pb_row column_structure=&#8221;3_5,2_5&#8243; _builder_version=&#8221;4.16&#8243; custom_margin=&#8221;|auto||auto|false|false&#8221; custom_padding=&#8221;0px||0px||true|false&#8221; global_colors_info=&#8221;{}&#8221;][et_pb_column type=&#8221;3_5&#8243; _builder_version=&#8221;4.16&#8243; global_colors_info=&#8221;{}&#8221;][\/et_pb_column][et_pb_column type=&#8221;2_5&#8243; _builder_version=&#8221;4.16&#8243; global_colors_info=&#8221;{}&#8221;][\/et_pb_column][\/et_pb_row][\/et_pb_section][et_pb_section fb_built=&#8221;1&#8243; custom_padding_last_edited=&#8221;on|desktop&#8221; _builder_version=&#8221;4.9.4&#8243; _module_preset=&#8221;default&#8221; background_color=&#8221;#262626&#8243; custom_margin=&#8221;||||true|false&#8221; custom_margin_tablet=&#8221;&#8221; custom_margin_phone=&#8221;&#8221; custom_margin_last_edited=&#8221;on|desktop&#8221; custom_padding=&#8221;47px||47px||true|false&#8221; custom_padding_tablet=&#8221;&#8221; custom_padding_phone=&#8221;&#8221; da_disable_devices=&#8221;off|off|off&#8221; global_module=&#8221;239139&#8243; saved_tabs=&#8221;all&#8221; global_colors_info=&#8221;{}&#8221; da_is_popup=&#8221;off&#8221; da_exit_intent=&#8221;off&#8221; da_has_close=&#8221;on&#8221; da_alt_close=&#8221;off&#8221; da_dark_close=&#8221;off&#8221; da_not_modal=&#8221;on&#8221; da_is_singular=&#8221;off&#8221; da_with_loader=&#8221;off&#8221; da_has_shadow=&#8221;on&#8221;][et_pb_row column_structure=&#8221;1_4,1_4,1_4,1_4&#8243; use_custom_gutter=&#8221;on&#8221; gutter_width=&#8221;1&#8243; custom_padding_last_edited=&#8221;on|desktop&#8221; _builder_version=&#8221;4.16&#8243; width=&#8221;100%&#8221; max_width=&#8221;1300px&#8221; custom_margin=&#8221;1px|auto|-30px|auto|false|false&#8221; custom_margin_tablet=&#8221;&#8221; custom_margin_phone=&#8221;&#8221; custom_margin_last_edited=&#8221;on|desktop&#8221; custom_padding=&#8221;1px|0px|1px|0px|true|true&#8221; custom_padding_tablet=&#8221;&#8221; custom_padding_phone=&#8221;||35px||false|false&#8221; global_colors_info=&#8221;{}&#8221;][et_pb_column type=&#8221;1_4&#8243; _builder_version=&#8221;4.16&#8243; background_enable_color=&#8221;off&#8221; custom_padding=&#8221;40px|40px|40px|40px|true|true&#8221; custom_padding_tablet=&#8221;|30px||30px|true|true&#8221; custom_padding_phone=&#8221;|20px||20px|true|true&#8221; custom_padding_last_edited=&#8221;on|desktop&#8221; border_radii=&#8221;on|10px|10px|10px|10px&#8221; global_colors_info=&#8221;{}&#8221;][et_pb_text _builder_version=&#8221;4.16&#8243; text_text_color=&#8221;#FFFFFF&#8221; custom_margin=&#8221;0px||19px||false|false&#8221; custom_padding=&#8221;10px|||10px|false|false&#8221; border_width_top=&#8221;1px&#8221; border_color_top=&#8221;#fec200&#8243; border_color_left=&#8221;#FEC200&#8243; global_colors_info=&#8221;{}&#8221;]<h5><span style=\"color: white; font-size: 13px;\"><strong>Links \u00dateis<\/strong><\/span><\/h5>[\/et_pb_text][et_pb_text _builder_version=&#8221;4.27.0&#8243; text_font=&#8221;||||||||&#8221; text_text_color=&#8221;#FFFFFF&#8221; custom_margin=&#8221;||21px|||&#8221; custom_margin_tablet=&#8221;&#8221; custom_margin_phone=&#8221;||0px||false|false&#8221; custom_margin_last_edited=&#8221;on|phone&#8221; custom_padding=&#8221;|||10px|false|false&#8221; custom_padding_tablet=&#8221;&#8221; custom_padding_phone=&#8221;&#8221; custom_padding_last_edited=&#8221;on|phone&#8221; global_colors_info=&#8221;{}&#8221;]<p><a href=\"https:\/\/faculdadeunibras.com.br\/maranhao\/graduacao\/\"><strong>Cursos<\/strong><\/a><\/p>\n<p><a href=\"https:\/\/faculdadeunibras.com.br\/maranhao\/servicos\/biblioteca-virtual\/\"><strong>Biblioteca<\/strong><\/a><\/p>\n<p><a href=\"https:\/\/faculdadeunibras.com.br\/maranhao\/blog\/\"><strong>Blog<\/strong><\/a><\/p>[\/et_pb_text][\/et_pb_column][et_pb_column type=&#8221;1_4&#8243; _builder_version=&#8221;4.16&#8243; background_enable_color=&#8221;off&#8221; custom_padding=&#8221;40px|40px|40px|40px|true|true&#8221; custom_padding_tablet=&#8221;|30px||30px|true|true&#8221; custom_padding_phone=&#8221;|20px||20px|true|true&#8221; custom_padding_last_edited=&#8221;on|desktop&#8221; border_radii=&#8221;on|10px|10px|10px|10px&#8221; global_colors_info=&#8221;{}&#8221;][et_pb_text _builder_version=&#8221;4.16&#8243; custom_margin=&#8221;0px||19px||false|false&#8221; custom_margin_tablet=&#8221;&#8221; custom_margin_phone=&#8221;0px||||false|false&#8221; custom_margin_last_edited=&#8221;on|phone&#8221; custom_padding=&#8221;10px|||10px|false|false&#8221; custom_padding_tablet=&#8221;&#8221; custom_padding_phone=&#8221;&#8221; custom_padding_last_edited=&#8221;on|phone&#8221; border_width_top=&#8221;1px&#8221; border_color_top=&#8221;#fec200&#8243; border_color_left=&#8221;#FEC200&#8243; global_colors_info=&#8221;{}&#8221;]<h5><span style=\"color: white; font-size: 13px;\"><strong>Telefones<\/strong><\/span><\/h5>[\/et_pb_text][et_pb_text _builder_version=&#8221;4.21.0&#8243; text_font=&#8221;|700|||||||&#8221; text_text_color=&#8221;#FFFFFF&#8221; custom_padding=&#8221;|||10px|false|false&#8221; global_colors_info=&#8221;{}&#8221;]<p><span><\/span>Whatsapp Comercial:<br \/><a href=\"https:\/\/api.whatsapp.com\/send\/?phone=98982299878&amp;text&amp;type=phone_number&amp;app_absent=0\">(98) 98229-9878<\/a><\/p>[\/et_pb_text][et_pb_text _builder_version=&#8221;4.18.0&#8243; custom_margin=&#8221;50px||19px||false|false&#8221; custom_margin_tablet=&#8221;&#8221; custom_margin_phone=&#8221;82px||||false|false&#8221; custom_margin_last_edited=&#8221;on|desktop&#8221; custom_padding=&#8221;10px|||10px|false|false&#8221; border_width_top=&#8221;1px&#8221; border_color_top=&#8221;#fec200&#8243; border_color_left=&#8221;#FEC200&#8243; global_colors_info=&#8221;{}&#8221;]<h5><span style=\"color: white; font-size: 13px;\"><strong>Ouvidoria Institucional<\/strong><\/span><\/h5>[\/et_pb_text][et_pb_text _builder_version=&#8221;4.16&#8243; text_font=&#8221;|700|||||||&#8221; custom_margin=&#8221;||4px|||&#8221; custom_margin_tablet=&#8221;&#8221; custom_margin_phone=&#8221;||0px||false|false&#8221; custom_margin_last_edited=&#8221;on|phone&#8221; custom_padding=&#8221;|||10px|false|false&#8221; global_colors_info=&#8221;{}&#8221;]<p><a href=\"https:\/\/faculdadeunibras.com.br\/maranhao\/ouvidoria\/\"><strong>Ouvidoria<\/strong><\/a><\/p>[\/et_pb_text][\/et_pb_column][et_pb_column type=&#8221;1_4&#8243; _builder_version=&#8221;4.16&#8243; background_enable_color=&#8221;off&#8221; custom_padding=&#8221;40px|40px|40px|40px|true|true&#8221; custom_padding_tablet=&#8221;|30px||30px|true|true&#8221; custom_padding_phone=&#8221;|20px||20px|true|true&#8221; custom_padding_last_edited=&#8221;on|desktop&#8221; border_radii=&#8221;on|10px|10px|10px|10px&#8221; global_colors_info=&#8221;{}&#8221;][et_pb_text _builder_version=&#8221;4.16&#8243; custom_margin=&#8221;0px||19px||false|false&#8221; custom_margin_tablet=&#8221;&#8221; custom_margin_phone=&#8221;0px||||false|false&#8221; custom_margin_last_edited=&#8221;on|phone&#8221; custom_padding=&#8221;10px|||10px|false|false&#8221; custom_padding_tablet=&#8221;&#8221; custom_padding_phone=&#8221;&#8221; custom_padding_last_edited=&#8221;on|phone&#8221; border_width_top=&#8221;1px&#8221; border_color_top=&#8221;#fec200&#8243; border_color_left=&#8221;#FEC200&#8243; global_colors_info=&#8221;{}&#8221;]<h5><span style=\"color: white; font-size: 13px;\"><strong>Informa\u00e7\u00f5es<\/strong><\/span><\/h5>[\/et_pb_text][et_pb_text _builder_version=&#8221;4.16&#8243; text_font=&#8221;|700|||||||&#8221; custom_margin=&#8221;||11px|||&#8221; custom_padding=&#8221;|||10px|false|false&#8221; global_colors_info=&#8221;{}&#8221;]<p><strong><a href=\"https:\/\/faculdadeunibras.com.br\/maranhao\/politica-de-privacidade\/\">Politica de Privacidade<\/a><\/strong><\/p>[\/et_pb_text][et_pb_text _builder_version=&#8221;4.16&#8243; text_font=&#8221;|700|||||||&#8221; custom_margin=&#8221;||11px|||&#8221; custom_padding=&#8221;|||10px|false|false&#8221; global_colors_info=&#8221;{}&#8221;]<p><strong><a href=\"https:\/\/faculdadeunibras.com.br\/maranhao\/contato-lgpd\/\">Contato LGPD<\/a><\/strong><\/p>[\/et_pb_text][et_pb_text _builder_version=&#8221;4.16&#8243; text_font=&#8221;|700|||||||&#8221; custom_margin=&#8221;||37px|||&#8221; custom_padding=&#8221;|||10px|false|false&#8221; global_colors_info=&#8221;{}&#8221;]<p><strong><a href=\"https:\/\/faculdadeunibras.com.br\/maranhao\/bio\/\">Bio<\/a><\/strong><\/p>[\/et_pb_text][\/et_pb_column][et_pb_column type=&#8221;1_4&#8243; _builder_version=&#8221;4.16&#8243; background_enable_color=&#8221;off&#8221; custom_padding=&#8221;40px|40px|40px|40px|true|true&#8221; custom_padding_tablet=&#8221;|30px||30px|true|true&#8221; custom_padding_phone=&#8221;|20px||20px|true|true&#8221; custom_padding_last_edited=&#8221;on|desktop&#8221; border_radii=&#8221;on|10px|10px|10px|10px&#8221; global_colors_info=&#8221;{}&#8221;][et_pb_text _builder_version=&#8221;4.16&#8243; custom_margin=&#8221;0px||19px||false|false&#8221; custom_margin_tablet=&#8221;&#8221; custom_margin_phone=&#8221;-27px||19px||false|false&#8221; custom_margin_last_edited=&#8221;on|desktop&#8221; custom_padding=&#8221;10px|||10px|false|false&#8221; border_width_top=&#8221;1px&#8221; border_color_top=&#8221;#fec200&#8243; border_color_left=&#8221;#FEC200&#8243; global_colors_info=&#8221;{}&#8221;]<h5><span style=\"color: white; font-size: 13px;\"><strong>Endere\u00e7o<\/strong><\/span><\/h5>[\/et_pb_text][et_pb_text _builder_version=&#8221;4.16&#8243; text_font=&#8221;||||||||&#8221; text_text_color=&#8221;#FFFFFF&#8221; custom_margin=&#8221;||21px|||&#8221; custom_margin_tablet=&#8221;&#8221; custom_margin_phone=&#8221;||0px||false|false&#8221; custom_margin_last_edited=&#8221;on|phone&#8221; custom_padding=&#8221;|||10px|false|false&#8221; global_colors_info=&#8221;{}&#8221;]Rodovia BR 316 N 6051, Jardim Primavera, Santa In\u00eas, Maranh\u00e3o.<br \/>\nCEP: 65.300-970[\/et_pb_text][\/et_pb_column][\/et_pb_row][\/et_pb_section][et_pb_section fb_built=&#8221;1&#8243; custom_padding_last_edited=&#8221;on|desktop&#8221; _builder_version=&#8221;4.14.2&#8243; _module_preset=&#8221;default&#8221; background_color=&#8221;#1e1e1e&#8221; custom_padding=&#8221;24px||24px||true|false&#8221; custom_padding_tablet=&#8221;&#8221; custom_padding_phone=&#8221;||10px||false|false&#8221; da_disable_devices=&#8221;off|off|off&#8221; global_module=&#8221;239140&#8243; saved_tabs=&#8221;all&#8221; global_colors_info=&#8221;{}&#8221; da_is_popup=&#8221;off&#8221; da_exit_intent=&#8221;off&#8221; da_has_close=&#8221;on&#8221; da_alt_close=&#8221;off&#8221; da_dark_close=&#8221;off&#8221; da_not_modal=&#8221;on&#8221; da_is_singular=&#8221;off&#8221; da_with_loader=&#8221;off&#8221; da_has_shadow=&#8221;on&#8221;][et_pb_row column_structure=&#8221;1_3,1_3,1_3&#8243; _builder_version=&#8221;4.16&#8243; _module_preset=&#8221;default&#8221; width=&#8221;100%&#8221; max_width=&#8221;1300px&#8221; custom_padding=&#8221;3px||5px|||&#8221; global_colors_info=&#8221;{}&#8221;][et_pb_column type=&#8221;1_3&#8243; _builder_version=&#8221;4.16&#8243; _module_preset=&#8221;default&#8221; global_colors_info=&#8221;{}&#8221;][et_pb_text _builder_version=&#8221;4.16&#8243; _module_preset=&#8221;default&#8221; text_font=&#8221;|700|||||||&#8221; text_text_color=&#8221;#FFFFFF&#8221; text_font_size=&#8221;15px&#8221; text_orientation=&#8221;center&#8221; width=&#8221;100%&#8221; custom_margin=&#8221;10px||||false|false&#8221; custom_margin_tablet=&#8221;&#8221; custom_margin_phone=&#8221;10px||||false|false&#8221; custom_margin_last_edited=&#8221;on|phone&#8221; custom_padding_tablet=&#8221;&#8221; custom_padding_phone=&#8221;&#8221; custom_padding_last_edited=&#8221;on|phone&#8221; global_colors_info=&#8221;{}&#8221;]<p>Mais que educa\u00e7\u00e3o, transforma\u00e7\u00e3o social.<\/p>[\/et_pb_text][\/et_pb_column][et_pb_column type=&#8221;1_3&#8243; _builder_version=&#8221;4.16&#8243; _module_preset=&#8221;default&#8221; global_colors_info=&#8221;{}&#8221;][et_pb_image src=&#8221;https:\/\/faculdadeunibras.com.br\/maranhao\/wp-content\/uploads\/2026\/01\/Unibras-Maranhao-logobranca.png&#8221; title_text=&#8221;Unibras Maranh\u00e3o-logobranca&#8221; align=&#8221;center&#8221; _builder_version=&#8221;4.27.0&#8243; _module_preset=&#8221;default&#8221; width=&#8221;49%&#8221; width_tablet=&#8221;&#8221; width_phone=&#8221;42%&#8221; width_last_edited=&#8221;on|phone&#8221; module_alignment=&#8221;center&#8221; custom_margin_tablet=&#8221;&#8221; custom_margin_phone=&#8221;-10px||20px||false|false&#8221; custom_margin_last_edited=&#8221;on|phone&#8221; global_colors_info=&#8221;{}&#8221;][\/et_pb_image][\/et_pb_column][et_pb_column type=&#8221;1_3&#8243; _builder_version=&#8221;4.16&#8243; _module_preset=&#8221;default&#8221; global_colors_info=&#8221;{}&#8221;][\/et_pb_column][\/et_pb_row][\/et_pb_section]","protected":false},"excerpt":{"rendered":"<p>MISS\u00c3O &#8230; A MISS\u00c3O da Faculdade UniBRAS Maranh\u00e3o (FACBRAS) \u00e9: &#8220;Promover a constru\u00e7\u00e3o do conhecimento, formando profissionais comprometidos com a excel\u00eancia nas \u00e1reas de atua\u00e7\u00e3o, conscientes das suas responsabilidades ambientais, sociais e human\u00edsticas, e com uma postura cidad\u00e3, \u00e9tica, empreendedora, inovadora, aut\u00f4noma e cr\u00edtica sendo construtores e transformadores da sociedade&#8221;. A VIS\u00c3O da Faculdade UniBRAS [&hellip;]<\/p>\n","protected":false},"author":1,"featured_media":0,"parent":0,"menu_order":0,"comment_status":"open","ping_status":"open","template":"","meta":{"_et_pb_use_builder":"on","_et_pb_old_content":"<div id=\"exibe\">\r\n<div class=\"informacoes\">\r\n<p>...<\/p>\r\n<\/div>\r\n<\/div>\r\n<!-- wp:themify-builder\/canvas \/--><!--themify_builder_static-->\r\n<p>A MISS\u00c3O da Faculdade Santa In\u00eas \u00e9:<\/p>\r\n<p>\"Promover a constru\u00e7\u00e3o do conhecimento, formando profissionais comprometidos com a excel\u00eancia nas \u00e1reas de atua\u00e7\u00e3o, conscientes das suas responsabilidades ambientais, sociais e human\u00edsticas, e com uma postura cidad\u00e3, \u00e9tica, empreendedora, inovadora, aut\u00f4noma e cr\u00edtica sendo construtores e transformadores da sociedade\".<\/p>\r\n<p>A VIS\u00c3O da Faculdade Santa In\u00eas \u00e9:<\/p>\r\n<p>\"Tornar-se refer\u00eancia no Estado do Maranh\u00e3o, assumindo o compromisso institucional de disseminar conhecimento cient\u00edfico, tecnol\u00f3gico e cultural, e empreendedor por meio da oferta do Ensino Superior nas diversas \u00e1reas do saber, em especial os da \u00e1rea da sa\u00fade, contribuindo para o desenvolvimento do Pa\u00eds\".<\/p>\r\n<p>A organiza\u00e7\u00e3o da Institui\u00e7\u00e3o, com a transforma\u00e7\u00e3o das metas produzidas coletivamente em a\u00e7\u00f5es coordenadas, s\u00f3 \u00e9 poss\u00edvel mediante o exerc\u00edcio de rela\u00e7\u00f5es interpessoais que estejam pautadas pela justi\u00e7a e solidariedade.<\/p>\r\n<p>Ao comprometer-se com a educa\u00e7\u00e3o e o conhecimento, a Faculdade Santa In\u00eas desenvolve suas atividades, alicer\u00e7ada nos seguintes VALORES:<\/p>\r\n<ul>\r\n<li>RESPEITO \u00c0 LIBERDADE<\/li>\r\n<li>PLURALISMO DE IDEIAS, norteando a forma\u00e7\u00e3o integral do profissional com CONSCI\u00caNCIA \u00c9TICA e SOLID\u00c1RIA<\/li>\r\n<\/ul>\r\n<p>Nesta perspectiva, objetiva proporcionar condi\u00e7\u00f5es concretas para a melhoria da qualidade de vida e para o desenvolvimento regional, direcionando nossas pol\u00edticas e a\u00e7\u00f5es para o avan\u00e7o do conhecimento com base nos problemas e demandas da comunidade na qual est\u00e1 inserida.<\/p>\r\n<p>De acordo com o seu Regimento Geral, a Faculdade Santa In\u00eas, como institui\u00e7\u00e3o educacional, destina-se a promover o ensino, a investiga\u00e7\u00e3o cient\u00edfica e a extens\u00e3o em n\u00edvel superior, e tem por finalidade:<\/p>\r\n<ol>\r\n<li><em> A forma\u00e7\u00e3o de recursos humanos nas \u00e1reas de conhecimento em que atuar, aptos para a inser\u00e7\u00e3o em setores profissionais e para a participa\u00e7\u00e3o no desenvolvimento da sociedade brasileira, promovendo a\u00e7\u00f5es para sua forma\u00e7\u00e3o continuada;<\/em><\/li>\r\n<li><em> O incentivo e o apoio \u00e0 pesquisa e \u00e0 produ\u00e7\u00e3o acad\u00eamica;<\/em><\/li>\r\n<\/ol>\r\n<p><em>III. A realiza\u00e7\u00e3o e o incentivo a atividades criadoras, estimulando voca\u00e7\u00f5es e organizando programas, particularmente vinculados \u00e0s necessidades regionais e nacionais;<\/em><\/p>\r\n<ol>\r\n<li><em> Incentivar praticar investigativas, visando ao desenvolvimento da ci\u00eancia e da tecnologia, da cria\u00e7\u00e3o e difus\u00e3o da cultura e o entendimento do homem e do meio em que vive;<\/em><\/li>\r\n<li><em> A extens\u00e3o do ensino \u00e0 comunidade mediante cursos e servi\u00e7os especiais, prestando colabora\u00e7\u00e3o constante na solu\u00e7\u00e3o de seus problemas;<\/em><\/li>\r\n<li><em> Suscitar o desejo permanente de aperfei\u00e7oamento cultural e profissional e possibilitar a correspondente concretiza\u00e7\u00e3o, integrando os conhecimentos que v\u00e3o sendo adquiridos numa estrutura intelectual sistematizadora do conhecimento de cada gera\u00e7\u00e3o;<\/em><\/li>\r\n<\/ol>\r\n<p><em>VII. O est\u00edmulo \u00e0 cria\u00e7\u00e3o cultural, ao desenvolvimento do esp\u00edrito cient\u00edfico e do pensamento reflexivo;<\/em><\/p>\r\n<p><em>VIII. O oferecimento de condi\u00e7\u00f5es para especializa\u00e7\u00e3o e aperfei\u00e7oamento do seu corpo docente e t\u00e9cnico-administrativo;<\/em><\/p>\r\n<ol>\r\n<li><em> O oferecimento de ensino t\u00e9cnico profissionalizante para auxiliar o desenvolvimento do pa\u00eds;<\/em><\/li>\r\n<li><em> Estimular o conhecimento dos problemas do mundo globalizado, e simultaneamente prestar servi\u00e7os especializados \u00e0 comunidade e estabelecer com esta uma rela\u00e7\u00e3o e reciprocidade;<\/em><\/li>\r\n<li><em> A divulga\u00e7\u00e3o de conhecimentos culturais, cient\u00edficos e t\u00e9cnicos que constituem patrim\u00f4nio da humanidade e comunicar o saber atrav\u00e9s do ensino, atrav\u00e9s do ensino, de publica\u00e7\u00f5es ou de outras formas de comunica\u00e7\u00e3o.<\/em><\/li>\r\n<\/ol>\r\n<p><em>XII. A promo\u00e7\u00e3o da extens\u00e3o, aberta \u00e0 participa\u00e7\u00e3o da comunidade, visando \u00e0 difus\u00e3o das conquistas e benef\u00edcios da cria\u00e7\u00e3o cultural e da pesquisa cient\u00edfica e tecnol\u00f3gica geradas na Institui\u00e7\u00e3o.<\/em><\/p>\r\n<!--\/themify_builder_static-->","_et_gb_content_width":"","footnotes":""},"class_list":["post-2638","page","type-page","status-publish","hentry"],"yoast_head":"<!-- This site is optimized with the Yoast SEO plugin v23.2 - https:\/\/yoast.com\/wordpress\/plugins\/seo\/ -->\n<title>Miss\u00e3o - Faculdade UniBRAS<\/title>\n<meta name=\"robots\" content=\"index, follow, max-snippet:-1, max-image-preview:large, max-video-preview:-1\" \/>\n<link rel=\"canonical\" href=\"https:\/\/faculdadeunibras.com.br\/maranhao\/missao\/\" \/>\n<meta property=\"og:locale\" content=\"pt_BR\" \/>\n<meta property=\"og:type\" content=\"article\" \/>\n<meta property=\"og:title\" content=\"Miss\u00e3o - Faculdade UniBRAS\" \/>\n<meta property=\"og:description\" content=\"MISS\u00c3O ... A MISS\u00c3O da Faculdade UniBRAS Maranh\u00e3o (FACBRAS) \u00e9: &quot;Promover a constru\u00e7\u00e3o do conhecimento, formando profissionais comprometidos com a excel\u00eancia nas \u00e1reas de atua\u00e7\u00e3o, conscientes das suas responsabilidades ambientais, sociais e human\u00edsticas, e com uma postura cidad\u00e3, \u00e9tica, empreendedora, inovadora, aut\u00f4noma e cr\u00edtica sendo construtores e transformadores da sociedade&quot;. A VIS\u00c3O da Faculdade UniBRAS [&hellip;]\" \/>\n<meta property=\"og:url\" content=\"https:\/\/faculdadeunibras.com.br\/maranhao\/missao\/\" \/>\n<meta property=\"og:site_name\" content=\"Faculdade UniBRAS\" \/>\n<meta property=\"article:modified_time\" content=\"2026-01-14T14:22:38+00:00\" \/>\n<meta name=\"twitter:card\" content=\"summary_large_image\" \/>\n<meta name=\"twitter:label1\" content=\"Est. tempo de leitura\" \/>\n\t<meta name=\"twitter:data1\" content=\"11 minutos\" \/>\n<script type=\"application\/ld+json\" class=\"yoast-schema-graph\">{\"@context\":\"https:\/\/schema.org\",\"@graph\":[{\"@type\":\"WebPage\",\"@id\":\"https:\/\/faculdadeunibras.com.br\/maranhao\/missao\/\",\"url\":\"https:\/\/faculdadeunibras.com.br\/maranhao\/missao\/\",\"name\":\"Miss\u00e3o - Faculdade UniBRAS\",\"isPartOf\":{\"@id\":\"https:\/\/faculdadeunibras.com.br\/maranhao\/#website\"},\"datePublished\":\"2014-05-26T14:36:08+00:00\",\"dateModified\":\"2026-01-14T14:22:38+00:00\",\"breadcrumb\":{\"@id\":\"https:\/\/faculdadeunibras.com.br\/maranhao\/missao\/#breadcrumb\"},\"inLanguage\":\"pt-BR\",\"potentialAction\":[{\"@type\":\"ReadAction\",\"target\":[\"https:\/\/faculdadeunibras.com.br\/maranhao\/missao\/\"]}]},{\"@type\":\"BreadcrumbList\",\"@id\":\"https:\/\/faculdadeunibras.com.br\/maranhao\/missao\/#breadcrumb\",\"itemListElement\":[{\"@type\":\"ListItem\",\"position\":1,\"name\":\"In\u00edcio\",\"item\":\"https:\/\/faculdadeunibras.com.br\/maranhao\/\"},{\"@type\":\"ListItem\",\"position\":2,\"name\":\"Miss\u00e3o\"}]},{\"@type\":\"WebSite\",\"@id\":\"https:\/\/faculdadeunibras.com.br\/maranhao\/#website\",\"url\":\"https:\/\/faculdadeunibras.com.br\/maranhao\/\",\"name\":\"Faculdade UniBRAS\",\"description\":\"Maranh\u00e3o\",\"potentialAction\":[{\"@type\":\"SearchAction\",\"target\":{\"@type\":\"EntryPoint\",\"urlTemplate\":\"https:\/\/faculdadeunibras.com.br\/maranhao\/?s={search_term_string}\"},\"query-input\":\"required name=search_term_string\"}],\"inLanguage\":\"pt-BR\"}]}<\/script>\n<!-- \/ Yoast SEO plugin. -->","yoast_head_json":{"title":"Miss\u00e3o - Faculdade UniBRAS","robots":{"index":"index","follow":"follow","max-snippet":"max-snippet:-1","max-image-preview":"max-image-preview:large","max-video-preview":"max-video-preview:-1"},"canonical":"https:\/\/faculdadeunibras.com.br\/maranhao\/missao\/","og_locale":"pt_BR","og_type":"article","og_title":"Miss\u00e3o - Faculdade UniBRAS","og_description":"MISS\u00c3O ... A MISS\u00c3O da Faculdade UniBRAS Maranh\u00e3o (FACBRAS) \u00e9: \"Promover a constru\u00e7\u00e3o do conhecimento, formando profissionais comprometidos com a excel\u00eancia nas \u00e1reas de atua\u00e7\u00e3o, conscientes das suas responsabilidades ambientais, sociais e human\u00edsticas, e com uma postura cidad\u00e3, \u00e9tica, empreendedora, inovadora, aut\u00f4noma e cr\u00edtica sendo construtores e transformadores da sociedade\". A VIS\u00c3O da Faculdade UniBRAS [&hellip;]","og_url":"https:\/\/faculdadeunibras.com.br\/maranhao\/missao\/","og_site_name":"Faculdade UniBRAS","article_modified_time":"2026-01-14T14:22:38+00:00","twitter_card":"summary_large_image","twitter_misc":{"Est. tempo de leitura":"11 minutos"},"schema":{"@context":"https:\/\/schema.org","@graph":[{"@type":"WebPage","@id":"https:\/\/faculdadeunibras.com.br\/maranhao\/missao\/","url":"https:\/\/faculdadeunibras.com.br\/maranhao\/missao\/","name":"Miss\u00e3o - Faculdade UniBRAS","isPartOf":{"@id":"https:\/\/faculdadeunibras.com.br\/maranhao\/#website"},"datePublished":"2014-05-26T14:36:08+00:00","dateModified":"2026-01-14T14:22:38+00:00","breadcrumb":{"@id":"https:\/\/faculdadeunibras.com.br\/maranhao\/missao\/#breadcrumb"},"inLanguage":"pt-BR","potentialAction":[{"@type":"ReadAction","target":["https:\/\/faculdadeunibras.com.br\/maranhao\/missao\/"]}]},{"@type":"BreadcrumbList","@id":"https:\/\/faculdadeunibras.com.br\/maranhao\/missao\/#breadcrumb","itemListElement":[{"@type":"ListItem","position":1,"name":"In\u00edcio","item":"https:\/\/faculdadeunibras.com.br\/maranhao\/"},{"@type":"ListItem","position":2,"name":"Miss\u00e3o"}]},{"@type":"WebSite","@id":"https:\/\/faculdadeunibras.com.br\/maranhao\/#website","url":"https:\/\/faculdadeunibras.com.br\/maranhao\/","name":"Faculdade UniBRAS","description":"Maranh\u00e3o","potentialAction":[{"@type":"SearchAction","target":{"@type":"EntryPoint","urlTemplate":"https:\/\/faculdadeunibras.com.br\/maranhao\/?s={search_term_string}"},"query-input":"required name=search_term_string"}],"inLanguage":"pt-BR"}]}},"_links":{"self":[{"href":"https:\/\/faculdadeunibras.com.br\/maranhao\/wp-json\/wp\/v2\/pages\/2638","targetHints":{"allow":["GET"]}}],"collection":[{"href":"https:\/\/faculdadeunibras.com.br\/maranhao\/wp-json\/wp\/v2\/pages"}],"about":[{"href":"https:\/\/faculdadeunibras.com.br\/maranhao\/wp-json\/wp\/v2\/types\/page"}],"author":[{"embeddable":true,"href":"https:\/\/faculdadeunibras.com.br\/maranhao\/wp-json\/wp\/v2\/users\/1"}],"replies":[{"embeddable":true,"href":"https:\/\/faculdadeunibras.com.br\/maranhao\/wp-json\/wp\/v2\/comments?post=2638"}],"version-history":[{"count":6,"href":"https:\/\/faculdadeunibras.com.br\/maranhao\/wp-json\/wp\/v2\/pages\/2638\/revisions"}],"predecessor-version":[{"id":993334,"href":"https:\/\/faculdadeunibras.com.br\/maranhao\/wp-json\/wp\/v2\/pages\/2638\/revisions\/993334"}],"wp:attachment":[{"href":"https:\/\/faculdadeunibras.com.br\/maranhao\/wp-json\/wp\/v2\/media?parent=2638"}],"curies":[{"name":"wp","href":"https:\/\/api.w.org\/{rel}","templated":true}]}}